{"id":26008,"date":"2023-05-04T17:27:03","date_gmt":"2023-05-04T15:27:03","guid":{"rendered":"https:\/\/www.ariane-zappe.de\/?page_id=26008"},"modified":"2024-09-24T16:04:30","modified_gmt":"2024-09-24T14:04:30","slug":"sophiamed-buecher-2","status":"publish","type":"page","link":"https:\/\/www.ariane-zappe.de\/index.php\/sophiamed-buecher-2\/","title":{"rendered":"SophiaMed B\u00fccher"},"content":{"rendered":"<div class=\"wpb-content-wrapper\"><p>[vc_row row_type=&#8220;parallax&#8220; text_align=&#8220;left&#8220; background_image=&#8220;24966&#8243; full_screen_section_height=&#8220;no&#8220; section_height=&#8220;700&#8243; parallax_speed=&#8220;2&#8243; css=&#8220;.vc_custom_1642611588849{margin-top: 0px !important;padding-top: 30px !important;}&#8220;][vc_column css=&#8220;.vc_custom_1639180997806{margin-top: 500px !important;}&#8220;]<div class=\"qode-parallax-holder\" data-parallax=\"{&quot;y&quot;: -200, &quot;smoothness&quot;: 20}\">[vc_column_text]<\/p>\n<h1 style=\"text-align: center;\"><span style=\"color: #ffffff;\"><span style=\"caret-color: #993300;\">B\u00fccher sind unverg\u00e4nglich<\/span><\/span><\/h1>\n<p>[\/vc_column_text]<\/div>[\/vc_column][\/vc_row][vc_row row_type=&#8220;row&#8220; use_row_as_full_screen_section=&#8220;no&#8220; type=&#8220;full_width&#8220; text_align=&#8220;left&#8220; background_animation=&#8220;none&#8220; css_animation=&#8220;&#8220; background_color=&#8220;#ffffff&#8220;][vc_column][vc_row_inner row_type=&#8220;row&#8220; type=&#8220;grid&#8220; use_row_as_full_screen_section_slide=&#8220;no&#8220; text_align=&#8220;left&#8220; padding_top=&#8220;80&#8243; padding_bottom=&#8220;45&#8243; css_animation=&#8220;&#8220; background_color=&#8220;#ffffff&#8220;][vc_column_inner width=&#8220;2\/3&#8243;][vc_separator type=&#8220;transparent&#8220; border_style=&#8220;&#8220; up=&#8220;5&#8243; down=&#8220;0&#8243;][vc_column_text]<\/p>\n<h5>Weitere Informationen zu den B\u00fcchern<\/h5>\n<p>[\/vc_column_text][vc_separator type=&#8220;transparent&#8220; border_style=&#8220;&#8220; up=&#8220;20&#8243; down=&#8220;0&#8243;][vc_column_text]Der Verlag SophiaMed ist seit 2017 Herausgeber der B\u00fccher von Ariane Zappe.[\/vc_column_text][vc_separator type=&#8220;transparent&#8220; border_style=&#8220;&#8220; up=&#8220;20&#8243; down=&#8220;0&#8243;]<a href=\"https:\/\/www.sophiamed.de\" target=\"_blank\"  class=\"qbutton  medium\" style=\"font-style: normal; \">SophiaMed Website<\/a>[vc_separator type=&#8220;transparent&#8220; border_style=&#8220;&#8220; up=&#8220;20&#8243; down=&#8220;40&#8243;][\/vc_column_inner][vc_column_inner width=&#8220;1\/3&#8243;][vc_separator type=&#8220;transparent&#8220; border_style=&#8220;&#8220; up=&#8220;5&#8243; down=&#8220;0&#8243;][vc_separator type=&#8220;transparent&#8220; border_style=&#8220;&#8220; up=&#8220;5&#8243; down=&#8220;0&#8243;][vc_separator type=&#8220;transparent&#8220; border_style=&#8220;&#8220; up=&#8220;5&#8243; down=&#8220;0&#8243;][vc_separator type=&#8220;transparent&#8220; border_style=&#8220;&#8220; up=&#8220;5&#8243; down=&#8220;0&#8243;][vc_single_image image=&#8220;24429&#8243; img_size=&#8220;medium&#8220; onclick=&#8220;custom_link&#8220; img_link_target=&#8220;_blank&#8220; qode_css_animation=&#8220;&#8220; link=&#8220;http:\/\/sophiamed.de&#8220;][\/vc_column_inner][\/vc_row_inner][\/vc_column][\/vc_row][vc_row row_type=&#8220;parallax&#8220; text_align=&#8220;center&#8220; background_image=&#8220;25996&#8243; full_screen_section_height=&#8220;no&#8220; section_height=&#8220;500&#8243; parallax_speed=&#8220;2&#8243; css=&#8220;.vc_custom_1683201818808{margin-top: 100px !important;margin-right: 100px !important;margin-bottom: 100px !important;margin-left: 100px !important;}&#8220;][vc_column css=&#8220;.vc_custom_1639229415490{margin-top: 100px !important;}&#8220;][vc_row_inner row_type=&#8220;row&#8220; type=&#8220;full_width&#8220; use_row_as_full_screen_section_slide=&#8220;no&#8220; text_align=&#8220;left&#8220; css_animation=&#8220;&#8220; css=&#8220;.vc_custom_1639230043202{padding-top: 200px !important;padding-bottom: 200px !important;}&#8220;][vc_column_inner][vc_column_text]<\/p>\n<h2 style=\"text-align: center;\"><span style=\"caret-color: #993300; color: #ffffff;\">2023 &#8211; Innovation im Fokus<\/span><\/h2>\n<p>[\/vc_column_text][vc_column_text]<\/p>\n<h3 style=\"text-align: center;\"><span style=\"color: #ffffff;\">Ein erstes Stockwerk wird auf dem Fundament errichtet<\/span><\/h3>\n<p>[\/vc_column_text][\/vc_column_inner][\/vc_row_inner][\/vc_column][\/vc_row][vc_row row_type=&#8220;row&#8220; use_row_as_full_screen_section=&#8220;no&#8220; type=&#8220;full_width&#8220; text_align=&#8220;left&#8220; background_animation=&#8220;none&#8220; padding_top=&#8220;25&#8243; padding_bottom=&#8220;0&#8243; css_animation=&#8220;&#8220; background_color=&#8220;#ffffff&#8220;][vc_column][vc_row_inner row_type=&#8220;row&#8220; type=&#8220;grid&#8220; use_row_as_full_screen_section_slide=&#8220;no&#8220; text_align=&#8220;left&#8220; border_color=&#8220;#ffffff&#8220; css_animation=&#8220;&#8220; background_color=&#8220;#ffffff&#8220;][vc_column_inner width=&#8220;2\/3&#8243;][vc_separator type=&#8220;transparent&#8220; border_style=&#8220;&#8220; down=&#8220;40&#8243;][vc_column_text]<\/p>\n<h6 style=\"text-align: left;\"><span style=\"color: #8c8c8c;\"><span style=\"caret-color: #2E5E82;\">2023<\/span><\/span><\/h6>\n<p>[\/vc_column_text][vc_column_text]<\/p>\n<h5 style=\"text-align: left;\"><span style=\"color: #393939;\"><span style=\"caret-color: #2E5E82;\">Medizin Reloaded<\/span><\/span><\/h5>\n<p>[\/vc_column_text][vc_separator type=&#8220;transparent&#8220; border_style=&#8220;&#8220; down=&#8220;40&#8243;][vc_column_text]<\/p>\n<p class=\"p1\">2021 wurde in den USA bei 60 Prozent der Erwachsenen eine chronische oder autolmmune Erkrankung diagnos-tiziert. Nicht eingerechnet sind Betroffene mit diffusen Symptomen wie Ersch\u00f6pf-ung, Schlafst\u00f6rungen, kognitiven Problemen oder unklaren Schmerzen und Entz\u00fcndungen. Dabei werden die Patienten Immer j\u00fcnger. Gemeinsamer Nenner Ist eine Fehlregulation des Immunsystems.<\/p>\n<p class=\"p1\"><strong>Hier setzt meln neues Modell f\u00fcr Immunsystem, Genetik, Evolution und Bewusstseln an, das Ursachen f\u00fcr chronische Erkrankungen erkl\u00e4ren und L\u00f6sungsans\u00e4tze bieten kann.<\/strong><\/p>\n<p class=\"p1\">Auf dem Fundament der ImmunSymblose entsteht eine Medizin In neuem Licht &#8211; die Medizin Reloaded. Dabel spielt die bisher vernachl\u00e4ssigte Lernf\u00e4higkeit unserer Stammzellen eine entscheidende Rolle. Sie selektieren Informationen nach neu oder bekannt, nicht nach Freund oder Feind, bilden die Au\u00dfenwelt wie ein Hologramm in uns ab und bestimmen unsere Immunreaktionen.<\/p>\n<p class=\"p1\"><strong>Mit Medizin Reloaded m\u00f6chte Ich Sie einladen, das symblotische Zusam-mensplel von Mensch und Keimen neu zu betrachten: Demnach w\u00e4re eine Infektion kein Kampf des Organismus gegen einen Kelm, sondern genau das Gegentell &#8211; die Eingliederung des Keims In das Immunsystem zur Regulation und Weiterentwicklung unseres Organismus. Erst die fehlende oder fehlerhafte Integration eines Keims wird zum Ausl\u00f6ser von chronischen Symptomen oder Krebs.<\/strong><\/p>\n<p class=\"p1\">Wie immer sind meine Gedanken mit wissenschaftlichen Studien untermauert und dennoch, so hoffe ich, nicht nur f\u00fcr medizinisch vorgebildete Leserinnen und Leser, sondern f\u00fcr alle Interessierten verst\u00e4ndlich aufbereitet.<\/p>\n<p class=\"p1\">Therapievorschl\u00e4ge beinhalten die Hintergr\u00fcnde und die Anwendung von Komplex- und Frequenzakkorden, wie ich sie in meiner Praxis anwende.<\/p>\n<p>[\/vc_column_text][\/vc_column_inner][vc_column_inner width=&#8220;1\/3&#8243; css=&#8220;.vc_custom_1637777026715{margin-left: 20px !important;}&#8220;][vc_separator type=&#8220;transparent&#8220; border_style=&#8220;&#8220; down=&#8220;40&#8243;][vc_single_image image=&#8220;25960&#8243; img_size=&#8220;medium&#8220; onclick=&#8220;custom_link&#8220; img_link_target=&#8220;_blank&#8220; qode_css_animation=&#8220;element_from_fade&#8220; link=&#8220;https:\/\/www.sophiamed.de&#8220;][vc_separator type=&#8220;transparent&#8220; border_style=&#8220;&#8220;]<a href=\"\" target=\"_blank\"  class=\"qbutton  move_icon qbutton_with_icon\" style=\"\">zur Buchbestellung<i class=\"qode_icon_font_awesome fa fa-shopping-cart button_icon\" style=\"\" ><\/i><\/a>[vc_separator type=&#8220;transparent&#8220; border_style=&#8220;&#8220;][vc_column_text]<\/p>\n<div>ISBN: 978-3-9819157-3-0<\/div>\n<div>Verlag: SophiaMed<\/div>\n<div>389 Seiten, Hard Cover<\/div>\n<div>Verkaufspreis: \u20ac45 .-<\/div>\n<p>[\/vc_column_text][vc_separator type=&#8220;transparent&#8220; border_style=&#8220;&#8220; down=&#8220;40&#8243;][\/vc_column_inner][\/vc_row_inner][vc_empty_space][\/vc_column][\/vc_row][vc_row row_type=&#8220;parallax&#8220; text_align=&#8220;center&#8220; background_image=&#8220;24969&#8243; full_screen_section_height=&#8220;no&#8220; section_height=&#8220;500&#8243; parallax_speed=&#8220;2&#8243; css=&#8220;.vc_custom_1682715210619{margin-top: 100px !important;margin-right: 100px !important;margin-bottom: 100px !important;margin-left: 100px !important;}&#8220;][vc_column css=&#8220;.vc_custom_1639229415490{margin-top: 100px !important;}&#8220;][vc_row_inner row_type=&#8220;row&#8220; type=&#8220;full_width&#8220; use_row_as_full_screen_section_slide=&#8220;no&#8220; text_align=&#8220;left&#8220; css_animation=&#8220;&#8220; css=&#8220;.vc_custom_1639230043202{padding-top: 200px !important;padding-bottom: 200px !important;}&#8220;][vc_column_inner][vc_column_text]<\/p>\n<h2 style=\"text-align: center;\"><span style=\"color: #ffffff;\"><span style=\"caret-color: #993300;\">2020 &#8211; ImmunSymbiose f\u00fcr Jedermann<\/span><\/span><\/h2>\n<p>[\/vc_column_text][vc_column_text]<\/p>\n<h3 style=\"text-align: center;\"><span style=\"color: #ffffff;\">Das Fundament ist gefestigt<\/span><\/h3>\n<p>[\/vc_column_text][\/vc_column_inner][\/vc_row_inner][\/vc_column][\/vc_row][vc_row row_type=&#8220;row&#8220; use_row_as_full_screen_section=&#8220;no&#8220; type=&#8220;full_width&#8220; anchor=&#8220;locations&#8220; text_align=&#8220;left&#8220; background_animation=&#8220;none&#8220; padding_top=&#8220;25&#8243; padding_bottom=&#8220;0&#8243; css_animation=&#8220;&#8220; background_color=&#8220;#ffffff&#8220; css=&#8220;.vc_custom_1682687873034{margin-top: 0px !important;padding-top: 30px !important;}&#8220;][vc_column][vc_row_inner row_type=&#8220;row&#8220; type=&#8220;grid&#8220; use_row_as_full_screen_section_slide=&#8220;no&#8220; text_align=&#8220;left&#8220; css_animation=&#8220;&#8220; background_color=&#8220;#ffffff&#8220;][vc_column_inner width=&#8220;1\/3&#8243;][vc_separator type=&#8220;transparent&#8220; border_style=&#8220;&#8220; down=&#8220;40&#8243;][vc_single_image image=&#8220;24422&#8243; img_size=&#8220;medium&#8220; onclick=&#8220;custom_link&#8220; img_link_target=&#8220;_blank&#8220; qode_css_animation=&#8220;element_from_fade&#8220; link=&#8220;https:\/\/www.sophiamed.de&#8220;][vc_separator type=&#8220;transparent&#8220; border_style=&#8220;&#8220; down=&#8220;40&#8243;]<a href=\"https:\/\/shop.sophiaviva.de\/Buecher\/405\/Buch-Meine-Keime-sind-ich\" target=\"_blank\"  class=\"qbutton  move_icon qbutton_with_icon\" style=\"\">zur Buchbestellung deutsch<i class=\"qode_icon_font_awesome fa fa-shopping-cart button_icon\" style=\"\" ><\/i><\/a>[vc_separator type=&#8220;transparent&#8220; border_style=&#8220;&#8220;][vc_column_text]<\/p>\n<p style=\"text-align: left;\">ISBN: 978-3-9819157-1-6<\/p>\n<p style=\"text-align: left;\">Verlag: SophiaMed<br \/>\nErscheinungsdatum: 18.2.2020<br \/>\n255 Seiten, Hard Cover<br \/>\nVerkaufspreis: \u20ac 25.-<\/p>\n<p>[\/vc_column_text][vc_separator type=&#8220;transparent&#8220; border_style=&#8220;&#8220;][\/vc_column_inner][vc_column_inner width=&#8220;2\/3&#8243; css=&#8220;.vc_custom_1637777047944{margin-left: 20px !important;}&#8220;][vc_separator type=&#8220;transparent&#8220; border_style=&#8220;&#8220; down=&#8220;40&#8243;][vc_column_text]<\/p>\n<h6 style=\"text-align: left;\"><span style=\"color: #8c8c8c;\"><span style=\"caret-color: #2E5E82;\">Das neueste Buch\u00a0<\/span><\/span><\/h6>\n<p>[\/vc_column_text][vc_column_text]<\/p>\n<h5 style=\"text-align: left;\"><span style=\"color: #393939;\"><span style=\"caret-color: #2E5E82;\">Meine Keime sind Ich<\/span><\/span><\/h5>\n<p>[\/vc_column_text][vc_separator type=&#8220;transparent&#8220; border_style=&#8220;&#8220; down=&#8220;40&#8243;][vc_column_text]<\/p>\n<div class=\"page\" title=\"Page 190\">\n<div class=\"layoutArea\">\n<div class=\"column\">\n<p>&#8222;Meine Keime sind Ich&#8220; ist ein <strong>idealer Einstieg in die Welt der ImmunSymbiose<\/strong>. Gedacht f\u00fcr <strong>Interessierte, Patienten, medizinische Laien, so wie f\u00fcr Therapeuten,<\/strong> gibt es einen \u00dcberblick \u00fcber die wichtigsten Aspekte eines neuen Fundaments f\u00fcr unsere Medizin. Trotz \u00fcber 250 Studien bleibt es allgemein verst\u00e4ndlich.<\/p>\n<p>Wir ben\u00f6tigen dringend einen Paradigmenwechsel in Bezug auf Keime. Das Immunsystem besteht aus zwei Anteilen, die symbiotisch zusammenarbeiten, nicht nur, um den Organismus zu erhalten, sondern vor allem im Bestreben nach Weiterentwicklung.<\/p>\n<\/div>\n<p>Mit der Entscheidung vor 150 Jahren Pasteurs Sichtweise zu folgen und Keime als die Ursache f\u00fcr Erkrankung zu definieren, begann der Krieg gegen Keime.<\/p>\n<p><strong>Chronische Erkrankungen, die heute exponentiell ansteigen, beruhen auf dem Fehlen von Keimen, auf dem Fehlen der mikrobiellen Impulse f\u00fcr das gemeinsame Immunsystem und damit zu \u00fcberschie\u00dfenden, fehlgeleiteten oder fehlenden Entz\u00fcndungsreaktionen.<\/strong><\/p>\n<\/div>\n<\/div>\n<p>[\/vc_column_text][vc_separator type=&#8220;transparent&#8220; border_style=&#8220;&#8220; down=&#8220;40&#8243;][\/vc_column_inner][\/vc_row_inner][\/vc_column][\/vc_row][vc_row row_type=&#8220;row&#8220; use_row_as_full_screen_section=&#8220;no&#8220; type=&#8220;full_width&#8220; text_align=&#8220;left&#8220; background_animation=&#8220;none&#8220; css_animation=&#8220;&#8220; background_color=&#8220;#ffffff&#8220;][vc_column][vc_row_inner row_type=&#8220;row&#8220; type=&#8220;grid&#8220; use_row_as_full_screen_section_slide=&#8220;no&#8220; text_align=&#8220;left&#8220; css_animation=&#8220;&#8220;][vc_column_inner width=&#8220;2\/3&#8243; css=&#8220;.vc_custom_1637777039740{margin-right: 20px !important;}&#8220;][vc_separator type=&#8220;transparent&#8220; border_style=&#8220;&#8220; up=&#8220;5&#8243;][vc_separator type=&#8220;transparent&#8220; border_style=&#8220;&#8220; up=&#8220;5&#8243;][vc_separator type=&#8220;transparent&#8220; border_style=&#8220;&#8220; up=&#8220;5&#8243;][vc_column_text]<\/p>\n<div class=\"page\" title=\"Page 1\">\n<div class=\"layoutArea\">\n<div class=\"column\">\n<p style=\"text-align: left;\"><strong>Wissenschaftliche Studien deuten darauf hin, dass uns Streptokokken vor Krebs und Staphylokokken vor Multipler Sklerose sch\u00fctzen k\u00f6nnen. Milchs\u00e4urebakterien regen offenbar die Entstehung von menschlichen Stammzellen an.<\/strong><\/p>\n<p style=\"text-align: left;\">\n<\/div>\n<\/div>\n<div class=\"layoutArea\">\n<div class=\"column\">\n<p style=\"text-align: left;\">Dabei werden in unserer Gesellschaft Keime als b\u00f6sartig und krankmachend verteufelt. Wie passt das eigentlich zusammen? Chronische Erkrankungen nehmen epidemieartig zu. Die unkritische Bek\u00e4mpfung von Keimen hat uns eine Menge Probleme eingehandelt.<\/p>\n<p style=\"text-align: left;\"><strong>Brauchen wir nicht dringend ein tiefgreifendes Umdenken im Umgang mit allen Keimen?<\/strong><\/p>\n<p style=\"text-align: left;\">Kein Keim ist per se b\u00f6se. Keime, allen voran Bakterien, Viren und Retroviren, sind Teil einer Millionen Jahre alten Symbiose in der Evolution. Nur MIT Keimen sind wir das geworden, was wir heute sind. Keime und Mensch arbeiten \u00fcberall im Organismus symbiotisch zusammen, selbst im Gehirn. Dabei geht es nicht nur um das gemeinsame \u00dcberleben, sondern vor allem um Weiterentwicklung. Das bezeichne ich als ImmunSymbiose.<\/p>\n<p style=\"text-align: left;\"><strong>Wie also k\u00f6nnen wir unsere Keime sch\u00fctzen und pflegen? Pr\u00e4vention und Behandlung von chronischen, neurologischen oder neurodegenerativen Erkrankungen gelingt nur, wenn Mensch UND Keime gesund werden.<\/strong><\/p>\n<p style=\"text-align: left;\">Auf der Grundlage wissenschaftlicher Studien, meiner Erfahrungen aus der therapeutischen Praxis, Forschung und Recherche erscheinen mir Zusammenh\u00e4nge zwischen Erkrankungen und Keimen in einem v\u00f6llig neuen Licht. Ich m\u00f6chte Sie als Interessierte, Betroffene oder Therapeuten auf eine Reise durch die Welt der Keime einladen, die Ihre Sichtweise grundlegend ver\u00e4ndern k\u00f6nnte.&#8220;<\/p>\n<\/div>\n<\/div>\n<\/div>\n<p>[\/vc_column_text][\/vc_column_inner][vc_column_inner width=&#8220;1\/3&#8243;][vc_separator type=&#8220;transparent&#8220; border_style=&#8220;&#8220;][vc_single_image image=&#8220;23681&#8243; img_size=&#8220;medium&#8220; onclick=&#8220;custom_link&#8220; img_link_target=&#8220;_blank&#8220; qode_css_animation=&#8220;element_from_fade&#8220; link=&#8220;https:\/\/www.sophiamed.de&#8220;]<a href=\"https:\/\/shop.sophiaviva.de\/Buecher\/406\/Buch-My-Microbes-are-Me\" target=\"_blank\"  class=\"qbutton  move_icon qbutton_with_icon\" style=\"\">zur Buchbestellung englisch<i class=\"qode_icon_font_awesome fa fa-shopping-cart button_icon\" style=\"\" ><\/i><\/a>[vc_separator type=&#8220;transparent&#8220; border_style=&#8220;&#8220;][vc_column_text]ISBN: 978-3-9819157-2-3<\/p>\n<p>Verlag: SophiaMed<br \/>\nErscheinungsdatum: 18.2.2020<br \/>\n239 Seiten, Hard Cover<br \/>\nVerkaufspreis: \u20ac 25.-[\/vc_column_text][vc_separator type=&#8220;transparent&#8220; border_style=&#8220;&#8220; up=&#8220;25&#8243;][\/vc_column_inner][\/vc_row_inner][\/vc_column][\/vc_row][vc_row row_type=&#8220;parallax&#8220; text_align=&#8220;center&#8220; background_image=&#8220;25010&#8243; full_screen_section_height=&#8220;no&#8220; section_height=&#8220;500&#8243; parallax_speed=&#8220;2&#8243; css=&#8220;.vc_custom_1682688110617{margin-top: 100px !important;margin-right: 100px !important;margin-bottom: 100px !important;margin-left: 100px !important;}&#8220;][vc_column css=&#8220;.vc_custom_1639229415490{margin-top: 100px !important;}&#8220;][vc_row_inner row_type=&#8220;row&#8220; type=&#8220;full_width&#8220; use_row_as_full_screen_section_slide=&#8220;no&#8220; text_align=&#8220;left&#8220; css_animation=&#8220;&#8220; css=&#8220;.vc_custom_1639230043202{padding-top: 200px !important;padding-bottom: 200px !important;}&#8220;][vc_column_inner][vc_column_text]<\/p>\n<h2 style=\"text-align: center;\"><span style=\"color: #ffffff;\"><span style=\"caret-color: #993300;\">2017 &#8211; Der Beginn der ImmunSymbiose<\/span><\/span><\/h2>\n<p>[\/vc_column_text][vc_column_text]<\/p>\n<h3 style=\"text-align: center;\"><span style=\"color: #ffffff;\">Das Fundament f\u00fcr eine neue Art des Verst\u00e4ndnisses des Immunsystems<\/span><\/h3>\n<p>[\/vc_column_text][\/vc_column_inner][\/vc_row_inner][\/vc_column][\/vc_row][vc_row row_type=&#8220;row&#8220; use_row_as_full_screen_section=&#8220;no&#8220; type=&#8220;full_width&#8220; anchor=&#8220;locations&#8220; text_align=&#8220;left&#8220; background_animation=&#8220;none&#8220; padding_top=&#8220;25&#8243; padding_bottom=&#8220;0&#8243; css_animation=&#8220;&#8220; background_color=&#8220;#f8f8f8&#8243; css=&#8220;.vc_custom_1639145546079{margin-top: 0px !important;padding-top: 30px !important;}&#8220;][vc_column][vc_row_inner row_type=&#8220;row&#8220; type=&#8220;grid&#8220; use_row_as_full_screen_section_slide=&#8220;no&#8220; text_align=&#8220;left&#8220; css_animation=&#8220;&#8220; background_color=&#8220;#f8f8f8&#8243;][vc_column_inner width=&#8220;1\/3&#8243;][vc_separator type=&#8220;transparent&#8220; border_style=&#8220;&#8220; down=&#8220;40&#8243;][vc_single_image image=&#8220;23227&#8243; img_size=&#8220;medium&#8220; onclick=&#8220;custom_link&#8220; img_link_target=&#8220;_blank&#8220; css=&#8220;&#8220; qode_css_animation=&#8220;&#8220; link=&#8220;https:\/\/www.sophiamed.de\/&#8220;][vc_separator type=&#8220;transparent&#8220; border_style=&#8220;&#8220;]<a href=\"https:\/\/shop.sophiaviva.de\/material\/146\/immunsymbiose-immuntoleranz-durch-kommunikation-und-frieden-mit-mikroben?number=MA1002\" target=\"_blank\"  class=\"qbutton  move_icon qbutton_with_icon\" style=\"\">zur Buchbestellung<i class=\"qode_icon_font_awesome fa fa-shopping-cart button_icon\" style=\"\" ><\/i><\/a>[vc_separator type=&#8220;transparent&#8220; border_style=&#8220;&#8220;][vc_column_text]<\/p>\n<p style=\"text-align: left;\">ISBN: 978-3-989157-0-9<\/p>\n<p style=\"text-align: left;\">Verlag: SophiaMed<\/p>\n<p style=\"text-align: left;\">Erscheinungsdatum: 26.10.2017<\/p>\n<p style=\"text-align: left;\">384 Seiten, Hard Cover<\/p>\n<p style=\"text-align: left;\">Verkaufspreis: \u20ac 79.-<\/p>\n<p>[\/vc_column_text][vc_separator type=&#8220;transparent&#8220; border_style=&#8220;&#8220; down=&#8220;40&#8243;][\/vc_column_inner][vc_column_inner width=&#8220;2\/3&#8243; css=&#8220;.vc_custom_1637777026715{margin-left: 20px !important;}&#8220;][vc_separator type=&#8220;transparent&#8220; border_style=&#8220;&#8220; down=&#8220;40&#8243;][vc_column_text]<\/p>\n<h6 style=\"text-align: left;\"><span style=\"color: #8c8c8c;\"><span style=\"caret-color: #2E5E82;\">Der Beginn 2017<\/span><\/span><\/h6>\n<p>[\/vc_column_text][vc_separator type=&#8220;transparent&#8220; border_style=&#8220;&#8220; down=&#8220;40&#8243;][vc_column_text]Bereits in unserem ersten gemeinsamen Buch \u201eDie biologische Behandlung der Lyme- Borreliose\u201c beschreiben wir \u00a0die Modulation des Immunsystems als entscheidenden Schritt bei der Behandlung chronischer Erkrankungen.<\/p>\n<p>Mit diesem Buch erweitern wir den Begriff des Immunsystems auf ein komplexes, hoch entwickeltes und hochgradig organisiertes Zusammenspiel zwischen Mikroorganismen und k\u00f6rpereigenen Zellen: <strong>die ImmunSymbiose<\/strong>.<\/p>\n<p>Sowohl der menschliche als auch der mikrobielle Anteil arbeiten dabei Hand in Hand, um Traumen, Konflikte und fordernde Umweltbelastungen gemeinsam nicht nur zu bew\u00e4ltigen, sondern zur Weiterentwicklung zu nutzen.<\/p>\n<p><strong>Was zerst\u00f6rte diese Symbiose in den letzten 150 Jahren? Welche Aspekte der ImmunSymbiose finden wir bereits jetzt in wissenschaftlichen Studien?<\/strong><\/p>\n<p>Wir beschreiben Wege, wie wir unser Mikrobiom regenerieren k\u00f6nnen, wie wir den Dialog zwischen Mikrobiom und Immunsystem wieder verbessern k\u00f6nnen, wie selbst nicht integrierte Keime schnell lernen k\u00f6nnen, produktiver Anteil unseres Mikrobioms zu werden, der symbiotisch wirkt \u2013 wie wir ImmunSymbiose wiederherstellen und leben k\u00f6nnen.[\/vc_column_text][vc_separator type=&#8220;transparent&#8220; border_style=&#8220;&#8220; down=&#8220;40&#8243;][\/vc_column_inner][\/vc_row_inner][\/vc_column][\/vc_row][vc_row row_type=&#8220;parallax&#8220; text_align=&#8220;center&#8220; background_image=&#8220;24900&#8243; full_screen_section_height=&#8220;no&#8220; section_height=&#8220;500&#8243; parallax_speed=&#8220;2&#8243; css=&#8220;.vc_custom_1682688118083{margin-top: 100px !important;margin-right: 100px !important;margin-bottom: 100px !important;margin-left: 100px !important;}&#8220;][vc_column css=&#8220;.vc_custom_1639229415490{margin-top: 100px !important;}&#8220;][vc_row_inner row_type=&#8220;row&#8220; type=&#8220;full_width&#8220; use_row_as_full_screen_section_slide=&#8220;no&#8220; text_align=&#8220;left&#8220; css_animation=&#8220;&#8220; css=&#8220;.vc_custom_1639230043202{padding-top: 200px !important;padding-bottom: 200px !important;}&#8220;][vc_column_inner][vc_column_text]<\/p>\n<h2 style=\"text-align: center;\"><span style=\"color: #ffffff;\"><span style=\"caret-color: #993300;\">2016 &#8211; Das erste Buch<\/span><\/span><\/h2>\n<p>[\/vc_column_text][\/vc_column_inner][\/vc_row_inner][\/vc_column][\/vc_row][vc_row row_type=&#8220;row&#8220; use_row_as_full_screen_section=&#8220;no&#8220; type=&#8220;full_width&#8220; text_align=&#8220;left&#8220; background_animation=&#8220;none&#8220; padding_top=&#8220;25&#8243; padding_bottom=&#8220;0&#8243; css_animation=&#8220;&#8220; background_color=&#8220;#ffffff&#8220; border_color=&#8220;#ffffff&#8220; css=&#8220;.vc_custom_1682684692910{margin-top: 0px !important;padding-top: 30px !important;}&#8220;][vc_column][vc_row_inner row_type=&#8220;row&#8220; type=&#8220;grid&#8220; use_row_as_full_screen_section_slide=&#8220;no&#8220; text_align=&#8220;left&#8220; css_animation=&#8220;&#8220; background_color=&#8220;#ffffff&#8220;][vc_column_inner width=&#8220;2\/3&#8243;][vc_separator type=&#8220;transparent&#8220; border_style=&#8220;&#8220; down=&#8220;40&#8243;][vc_column_text]<\/p>\n<h6 style=\"text-align: left;\"><span style=\"color: #8c8c8c;\"><span style=\"caret-color: #2E5E82;\">2016<\/span><\/span><\/h6>\n<p>[\/vc_column_text][vc_column_text]<\/p>\n<h5 style=\"text-align: left;\"><span style=\"color: #393939;\"><span style=\"caret-color: #2E5E82;\">Die Biologische Behandlung der Lyme-Borreliose<\/span><\/span><\/h5>\n<p>[\/vc_column_text][vc_separator type=&#8220;transparent&#8220; border_style=&#8220;&#8220; down=&#8220;40&#8243;][vc_column_text]Dr. med. Dietrich Klinghardt, geb. 1950, erforscht auf der Suche nach Antworten auf die Fragen \u201eWarum werden wir krank?\u201c und \u201eWas macht uns krank?\u201c bereits sein ganzes medizinisches Leben lang die toxischen Einfl\u00fcsse aus der Umwelt auf unsere Gesundheit: Schwermetalle, Aluminium, Herbizide und Strahlung durch den Mobilfunk. Schon lange hat er erkannt, dass Infektionen mit Borrelien und allen damit verbundenen Erregern im System unheilvolle Synergien mit diesen toxischen Faktoren eingehen \u2013 denn Keime gedeihen in vergiftetem Milieu \u2013 mit verheerenden Folgen f\u00fcr das Immunsystem.<\/p>\n<p>&nbsp;<\/p>\n<p>Seine Antwort darauf ist eine sorgf\u00e4ltig entwickelte, gut fundierte biologische Behandlungsweise in 4 Phasen, mit der er schon viele schwerkranke Menschen auf den Weg zur\u00fcck zur Gesundheit gef\u00fchrt hat.<\/p>\n<p>&nbsp;<\/p>\n<p>Gemeinsam mit der Therapeutin Ariane Zappe stellt er in diesem Buch die vielf\u00e4ltige Symptomatik und ihre spezielle Diagnostik und Therapie vor. Dabei ist ein Werk mit k\u00fchnen und innovativen Gedanken entstanden, das f\u00fcr \u00c4rzte, Therapeuten und medizinisch interessierte Leser fach\u00fcbergreifend vollkommen neue, einleuchtende Zusammenh\u00e4nge herstellt \u2013 untermauert durch Hunderte von Studien.[\/vc_column_text][\/vc_column_inner][vc_column_inner width=&#8220;1\/3&#8243; css=&#8220;.vc_custom_1637777026715{margin-left: 20px !important;}&#8220;][vc_separator type=&#8220;transparent&#8220; border_style=&#8220;&#8220; down=&#8220;40&#8243;][vc_single_image image=&#8220;21481&#8243; img_size=&#8220;medium&#8220; onclick=&#8220;custom_link&#8220; img_link_target=&#8220;_blank&#8220; qode_css_animation=&#8220;element_from_fade&#8220; link=&#8220;https:\/\/www.sophiamed.de&#8220;][vc_separator type=&#8220;transparent&#8220; border_style=&#8220;&#8220;]<a href=\"https:\/\/ink.ag\/shop\/buecher-und-schriften\/dr.-klinghardt\/buecher\/72959\/die-biolog.-behandlung-der-lyme-borreliose?c=1102\" target=\"_blank\"  class=\"qbutton  move_icon qbutton_with_icon\" style=\"\">zur Buchbestellung<i class=\"qode_icon_font_awesome fa fa-shopping-cart button_icon\" style=\"\" ><\/i><\/a>[vc_separator type=&#8220;transparent&#8220; border_style=&#8220;&#8220;][vc_column_text css=&#8220;&#8220;]<\/p>\n<div>ISBN: 978-3-9808972-2-8<\/div>\n<div>Verlag: INK &#8211; Institut f\u00fcr Neurobiologie nach Dr. Klinghardt GmbH<\/div>\n<div>4. \u00fcberarbeitete Auflage<\/div>\n<div>392 Seiten, Hard Cover<\/div>\n<div>Verkaufspreis: \u20ac 69.-<\/div>\n<p>[\/vc_column_text][vc_separator type=&#8220;transparent&#8220; border_style=&#8220;&#8220; down=&#8220;40&#8243;][\/vc_column_inner][\/vc_row_inner][\/vc_column][\/vc_row]<\/p>\n<\/div>","protected":false},"excerpt":{"rendered":"<p>[vc_row row_type=&#8220;parallax&#8220; text_align=&#8220;left&#8220; background_image=&#8220;24966&#8243; full_screen_section_height=&#8220;no&#8220; section_height=&#8220;700&#8243; parallax_speed=&#8220;2&#8243; css=&#8220;.vc_custom_1642611588849{margin-top: 0px !important;padding-top: 30px !important;}&#8220;][vc_column css=&#8220;.vc_custom_1639180997806{margin-top: 500px !important;}&#8220;][\/vc_column][\/vc_row][vc_row row_type=&#8220;row&#8220; use_row_as_full_screen_section=&#8220;no&#8220; type=&#8220;full_width&#8220; text_align=&#8220;left&#8220; background_animation=&#8220;none&#8220; css_animation=&#8220;&#8220; background_color=&#8220;#ffffff&#8220;][vc_column][vc_row_inner row_type=&#8220;row&#8220; type=&#8220;grid&#8220; use_row_as_full_screen_section_slide=&#8220;no&#8220; text_align=&#8220;left&#8220; padding_top=&#8220;80&#8243; padding_bottom=&#8220;45&#8243; css_animation=&#8220;&#8220; background_color=&#8220;#ffffff&#8220;][vc_column_inner width=&#8220;2\/3&#8243;][vc_separator type=&#8220;transparent&#8220; border_style=&#8220;&#8220; up=&#8220;5&#8243; down=&#8220;0&#8243;][vc_column_text] Weitere Informationen zu den B\u00fcchern [\/vc_column_text][vc_separator type=&#8220;transparent&#8220; border_style=&#8220;&#8220; up=&#8220;20&#8243; down=&#8220;0&#8243;][vc_column_text]Der&#8230;<\/p>\n","protected":false},"author":11,"featured_media":0,"parent":0,"menu_order":0,"comment_status":"closed","ping_status":"closed","template":"full_width.php","meta":{"footnotes":""},"class_list":["post-26008","page","type-page","status-publish","hentry"],"_links":{"self":[{"href":"https:\/\/www.ariane-zappe.de\/index.php\/wp-json\/wp\/v2\/pages\/26008","targetHints":{"allow":["GET"]}}],"collection":[{"href":"https:\/\/www.ariane-zappe.de\/index.php\/wp-json\/wp\/v2\/pages"}],"about":[{"href":"https:\/\/www.ariane-zappe.de\/index.php\/wp-json\/wp\/v2\/types\/page"}],"author":[{"embeddable":true,"href":"https:\/\/www.ariane-zappe.de\/index.php\/wp-json\/wp\/v2\/users\/11"}],"replies":[{"embeddable":true,"href":"https:\/\/www.ariane-zappe.de\/index.php\/wp-json\/wp\/v2\/comments?post=26008"}],"version-history":[{"count":11,"href":"https:\/\/www.ariane-zappe.de\/index.php\/wp-json\/wp\/v2\/pages\/26008\/revisions"}],"predecessor-version":[{"id":28168,"href":"https:\/\/www.ariane-zappe.de\/index.php\/wp-json\/wp\/v2\/pages\/26008\/revisions\/28168"}],"wp:attachment":[{"href":"https:\/\/www.ariane-zappe.de\/index.php\/wp-json\/wp\/v2\/media?parent=26008"}],"curies":[{"name":"wp","href":"https:\/\/api.w.org\/{rel}","templated":true}]}}